{"id":2846,"date":"2023-08-10T08:53:24","date_gmt":"2023-08-10T13:53:24","guid":{"rendered":"https:\/\/www.maxespressocoffee.com\/informazioni-su-maxespresso\/"},"modified":"2023-11-27T05:56:35","modified_gmt":"2023-11-27T10:56:35","slug":"informazioni-su-maxespresso","status":"publish","type":"page","link":"https:\/\/www.maxespressocoffee.com\/it\/informazioni-su-maxespresso\/","title":{"rendered":"Maxespresso"},"content":{"rendered":"\t\t<div data-elementor-type=\"wp-page\" data-elementor-id=\"2846\" class=\"elementor elementor-2846 elementor-83\" data-elementor-post-type=\"page\">\n\t\t\t\t<div class=\"elementor-element elementor-element-b1e974f e-flex e-con-boxed e-con e-parent\" data-id=\"b1e974f\" data-element_type=\"container\" data-settings=\"{&quot;background_background&quot;:&quot;classic&quot;,&quot;jet_parallax_layout_list&quot;:[]}\">\n\t\t\t\t\t<div class=\"e-con-inner\">\n\t\t<div class=\"elementor-element elementor-element-28f9ebd e-con-full e-flex e-con e-child\" data-id=\"28f9ebd\" data-element_type=\"container\" data-settings=\"{&quot;jet_parallax_layout_list&quot;:[]}\">\n\t\t\t\t<div class=\"elementor-element elementor-element-331a212 elementor-widget elementor-widget-image-box\" data-id=\"331a212\" data-element_type=\"widget\" data-widget_type=\"image-box.default\">\n\t\t\t\t<div class=\"elementor-widget-container\">\n\t\t\t\t\t<div class=\"elementor-image-box-wrapper\"><div class=\"elementor-image-box-content\"><h3 class=\"elementor-image-box-title\">Una storia per sognare svegli<\/h3><p class=\"elementor-image-box-description\"><p>Quando il caff\u00e8 cominci\u00f2 a profumare le strade di Venezia, nessuno immaginava che questo delizioso aroma e sapore diventerebbe un riferente in tutta Italia. Ed \u00e8 che, anche se il grano di caff\u00e8 non cresce nella nostra terra, noi cerchiamo di farlo splorare nel rituale sensoriale che adesso \u00e8 parte della nostra storia. <\/p>\n\n<p>Con questa passione nasce il <strong>Maxespresso Gourmet Coffee<\/strong>, un caff\u00e8 Primium, ispirato nella tradizione che sveglia a tutto il paese da cent\u2019anni. Da questa storia abbiamo imparato a comprometterci con ogni dettaglio di un processo artesanale fatto in Italaia al 100%, negli starndr della comunit\u00e0 europea e che la marca l\u2019identit\u00e0 dei quelli che sognano svegli nella richerca di diventa un collezionista di esprerienza Gourmet. <\/p>\n\n<p><b>In Maxespresso Gourmet Caff\u00e8 riassumiamo quatro secoli di storia nel sapore pi\u00f9 squisito.<\/b><\/p><\/p><\/div><\/div>\t\t\t\t<\/div>\n\t\t\t\t<\/div>\n\t\t\t\t<\/div>\n\t\t<div class=\"elementor-element elementor-element-8165c99 e-con-full e-flex e-con e-child\" data-id=\"8165c99\" data-element_type=\"container\" data-settings=\"{&quot;jet_parallax_layout_list&quot;:[]}\">\n\t\t\t\t<div class=\"elementor-element elementor-element-1e86d2c elementor-widget elementor-widget-image\" data-id=\"1e86d2c\" data-element_type=\"widget\" data-widget_type=\"image.default\">\n\t\t\t\t<div class=\"elementor-widget-container\">\n\t\t\t\t\t\t\t\t\t\t\t\t\t\t\t<img fetchpriority=\"high\" decoding=\"async\" width=\"600\" height=\"600\" src=\"https:\/\/www.maxespressocoffee.com\/wp-content\/uploads\/2023\/08\/maxespresso-historia.webp\" class=\"attachment-full size-full wp-image-2451\" alt=\"\" srcset=\"https:\/\/www.maxespressocoffee.com\/wp-content\/uploads\/2023\/08\/maxespresso-historia.webp 600w, https:\/\/www.maxespressocoffee.com\/wp-content\/uploads\/2023\/08\/maxespresso-historia-300x300.webp 300w, https:\/\/www.maxespressocoffee.com\/wp-content\/uploads\/2023\/08\/maxespresso-historia-150x150.webp 150w\" sizes=\"(max-width: 600px) 100vw, 600px\" \/>\t\t\t\t\t\t\t\t\t\t\t\t\t\t\t<\/div>\n\t\t\t\t<\/div>\n\t\t\t\t<\/div>\n\t\t\t\t\t<\/div>\n\t\t\t\t<\/div>\n\t\t<div class=\"elementor-element elementor-element-11f9e2b e-flex e-con-boxed e-con e-parent\" data-id=\"11f9e2b\" data-element_type=\"container\" data-settings=\"{&quot;background_background&quot;:&quot;classic&quot;,&quot;jet_parallax_layout_list&quot;:[]}\">\n\t\t\t\t\t<div class=\"e-con-inner\">\n\t\t<div class=\"elementor-element elementor-element-d065568 e-con-full e-flex e-con e-child\" data-id=\"d065568\" data-element_type=\"container\" data-settings=\"{&quot;jet_parallax_layout_list&quot;:[]}\">\n\t\t\t\t<div class=\"elementor-element elementor-element-07fcd94 elementor-widget elementor-widget-image-box\" data-id=\"07fcd94\" data-element_type=\"widget\" data-widget_type=\"image-box.default\">\n\t\t\t\t<div class=\"elementor-widget-container\">\n\t\t\t\t\t<div class=\"elementor-image-box-wrapper\"><div class=\"elementor-image-box-content\"><h3 class=\"elementor-image-box-title\">Qualit\u00e1<\/h3><p class=\"elementor-image-box-description\"><p>Uno dei segreti del nostro delizioso sapore \u00e8 la selezione del grano di caff\u00e8. In Maxespresso Gourmet Coffe abbiamo studiato y selezionato accuratamente le spezie p\u00ecu squisite del pianeta, e anche se non \u00e8 facile, scegliamo le migliori: Arabica e Robusta. <\/p>\n\n<p><strong>Il caff\u00e8 arabica<\/strong> ha un delicato aroma, ed il suo sapore riassume tutte le ricchezze dei souli delle terre alte, dandole una soave carezza al palato.<\/p>\n\n<p><strong>La specie robusta<\/strong> viene a brindarci carattere. I suoi grani con una concentrazione maggiore di caffeina, forniscono un maggior corpo ed un tocco intenso che attiva il sapore della miscela. <\/p>\n\n<p>Questa infusione bilanciata, fatta 100% in Italia, ci riempie di orgoglio e ci motiva a seguire portando il nostro caff\u00e8 Gourmet, come una esperienza di sapore ai gusti pi\u00f9 soffisticati.<\/p><\/p><\/div><\/div>\t\t\t\t<\/div>\n\t\t\t\t<\/div>\n\t\t\t\t<\/div>\n\t\t<div class=\"elementor-element elementor-element-05194c5 e-con-full e-flex e-con e-child\" data-id=\"05194c5\" data-element_type=\"container\" data-settings=\"{&quot;jet_parallax_layout_list&quot;:[]}\">\n\t\t\t\t<div class=\"elementor-element elementor-element-5f2c394 elementor-widget elementor-widget-image\" data-id=\"5f2c394\" data-element_type=\"widget\" data-widget_type=\"image.default\">\n\t\t\t\t<div class=\"elementor-widget-container\">\n\t\t\t\t\t\t\t\t\t\t\t\t\t\t\t<img decoding=\"async\" width=\"500\" height=\"500\" src=\"https:\/\/www.maxespressocoffee.com\/wp-content\/uploads\/2023\/08\/maxespresso-sognare-despierto.webp\" class=\"attachment-full size-full wp-image-2447\" alt=\"\" srcset=\"https:\/\/www.maxespressocoffee.com\/wp-content\/uploads\/2023\/08\/maxespresso-sognare-despierto.webp 500w, https:\/\/www.maxespressocoffee.com\/wp-content\/uploads\/2023\/08\/maxespresso-sognare-despierto-300x300.webp 300w, https:\/\/www.maxespressocoffee.com\/wp-content\/uploads\/2023\/08\/maxespresso-sognare-despierto-150x150.webp 150w\" sizes=\"(max-width: 500px) 100vw, 500px\" \/>\t\t\t\t\t\t\t\t\t\t\t\t\t\t\t<\/div>\n\t\t\t\t<\/div>\n\t\t\t\t<\/div>\n\t\t\t\t\t<\/div>\n\t\t\t\t<\/div>\n\t\t<div class=\"elementor-element elementor-element-892363a e-flex e-con-boxed e-con e-parent\" data-id=\"892363a\" data-element_type=\"container\" data-settings=\"{&quot;background_background&quot;:&quot;classic&quot;,&quot;jet_parallax_layout_list&quot;:[]}\">\n\t\t\t\t\t<div class=\"e-con-inner\">\n\t\t<div class=\"elementor-element elementor-element-67a8f59 e-con-full e-flex e-con e-child\" data-id=\"67a8f59\" data-element_type=\"container\" data-settings=\"{&quot;jet_parallax_layout_list&quot;:[]}\">\n\t\t\t\t<div class=\"elementor-element elementor-element-38b749a elementor-widget elementor-widget-image-box\" data-id=\"38b749a\" data-element_type=\"widget\" data-widget_type=\"image-box.default\">\n\t\t\t\t<div class=\"elementor-widget-container\">\n\t\t\t\t\t<div class=\"elementor-image-box-wrapper\"><div class=\"elementor-image-box-content\"><h3 class=\"elementor-image-box-title\">Conservazione<\/h3><p class=\"elementor-image-box-description\"><p><i>Con lo stesso amore e la stessa dedizione con cui produciamo i nostri prodotti, li conserviamo, proteggendoli ermeticamente dalla luce del sole.<\/i><\/p>\n\n<p><strong>Maxespresso Gourmet Coffee<\/strong> utilizza i pi\u00f9 avanzati e moderni sistemi di confezionamento per preservare la qualit\u00e0 del caff\u00e8, che mantiene tutte le sue propriet\u00e0, facendo s\u00ec che il consumatore meriti un'esperienza di qualit\u00e0 unica, gustando i nostri prodotti che conservano tutto l'aroma e il sapore che avevano prima di uscire dalla nostra casa madre. Italia. <\/p>\n\n<p>Vogliamo che tutte le propriet\u00e0 di questo meraviglioso caff\u00e8 rimangano intatte quando arriva nelle vostre mani, e che possiate sentire la stessa qualit\u00e0, lo stesso aroma e la stessa freschezza di cui godiamo noi durante <i>tutta la nostra giornata<\/i>.<\/p><\/p><\/div><\/div>\t\t\t\t<\/div>\n\t\t\t\t<\/div>\n\t\t\t\t<\/div>\n\t\t<div class=\"elementor-element elementor-element-745cd9c e-con-full e-flex e-con e-child\" data-id=\"745cd9c\" data-element_type=\"container\" data-settings=\"{&quot;jet_parallax_layout_list&quot;:[]}\">\n\t\t\t\t<div class=\"elementor-element elementor-element-6dffc01 elementor-widget elementor-widget-image\" data-id=\"6dffc01\" data-element_type=\"widget\" data-widget_type=\"image.default\">\n\t\t\t\t<div class=\"elementor-widget-container\">\n\t\t\t\t\t\t\t\t\t\t\t\t\t\t\t<img decoding=\"async\" width=\"600\" height=\"600\" src=\"https:\/\/www.maxespressocoffee.com\/wp-content\/uploads\/2023\/08\/maxespresso-conservacion.webp\" class=\"attachment-full size-full wp-image-2449\" alt=\"\" srcset=\"https:\/\/www.maxespressocoffee.com\/wp-content\/uploads\/2023\/08\/maxespresso-conservacion.webp 600w, https:\/\/www.maxespressocoffee.com\/wp-content\/uploads\/2023\/08\/maxespresso-conservacion-300x300.webp 300w, https:\/\/www.maxespressocoffee.com\/wp-content\/uploads\/2023\/08\/maxespresso-conservacion-150x150.webp 150w\" sizes=\"(max-width: 600px) 100vw, 600px\" \/>\t\t\t\t\t\t\t\t\t\t\t\t\t\t\t<\/div>\n\t\t\t\t<\/div>\n\t\t\t\t<\/div>\n\t\t\t\t\t<\/div>\n\t\t\t\t<\/div>\n\t\t<div class=\"elementor-element elementor-element-1056084 e-con-full e-flex e-con e-parent\" data-id=\"1056084\" data-element_type=\"container\" data-settings=\"{&quot;background_background&quot;:&quot;classic&quot;,&quot;background_motion_fx_motion_fx_scrolling&quot;:&quot;yes&quot;,&quot;background_motion_fx_scale_effect&quot;:&quot;yes&quot;,&quot;background_motion_fx_scale_direction&quot;:&quot;in-out&quot;,&quot;background_motion_fx_scale_speed&quot;:{&quot;unit&quot;:&quot;px&quot;,&quot;size&quot;:6,&quot;sizes&quot;:[]},&quot;background_motion_fx_scale_range&quot;:{&quot;unit&quot;:&quot;%&quot;,&quot;size&quot;:&quot;&quot;,&quot;sizes&quot;:{&quot;start&quot;:0,&quot;end&quot;:50}},&quot;sticky&quot;:&quot;top&quot;,&quot;jet_parallax_layout_list&quot;:[],&quot;background_motion_fx_devices&quot;:[&quot;desktop&quot;,&quot;tablet&quot;,&quot;mobile&quot;],&quot;sticky_on&quot;:[&quot;desktop&quot;,&quot;tablet&quot;,&quot;mobile&quot;],&quot;sticky_offset&quot;:0,&quot;sticky_effects_offset&quot;:0,&quot;sticky_anchor_link_offset&quot;:0}\">\n\t\t\t\t<div class=\"elementor-element elementor-element-47e0052 elementor-widget elementor-widget-image-box\" data-id=\"47e0052\" data-element_type=\"widget\" data-widget_type=\"image-box.default\">\n\t\t\t\t<div class=\"elementor-widget-container\">\n\t\t\t\t\t<div class=\"elementor-image-box-wrapper\"><div class=\"elementor-image-box-content\"><h3 class=\"elementor-image-box-title\">LA TERRA<\/h3><p class=\"elementor-image-box-description\">Forniamo imballaggi e capsule riciclabili al 100%.<\/p><\/div><\/div>\t\t\t\t<\/div>\n\t\t\t\t<\/div>\n\t\t\t\t<\/div>\n\t\t<div class=\"elementor-element elementor-element-f079b65 e-flex e-con-boxed e-con e-parent\" data-id=\"f079b65\" data-element_type=\"container\" data-settings=\"{&quot;background_background&quot;:&quot;classic&quot;,&quot;background_motion_fx_motion_fx_scrolling&quot;:&quot;yes&quot;,&quot;background_motion_fx_translateX_effect&quot;:&quot;yes&quot;,&quot;background_motion_fx_translateX_speed&quot;:{&quot;unit&quot;:&quot;px&quot;,&quot;size&quot;:2,&quot;sizes&quot;:[]},&quot;sticky&quot;:&quot;top&quot;,&quot;jet_parallax_layout_list&quot;:[],&quot;background_motion_fx_translateX_affectedRange&quot;:{&quot;unit&quot;:&quot;%&quot;,&quot;size&quot;:&quot;&quot;,&quot;sizes&quot;:{&quot;start&quot;:0,&quot;end&quot;:100}},&quot;background_motion_fx_devices&quot;:[&quot;desktop&quot;,&quot;tablet&quot;,&quot;mobile&quot;],&quot;sticky_on&quot;:[&quot;desktop&quot;,&quot;tablet&quot;,&quot;mobile&quot;],&quot;sticky_offset&quot;:0,&quot;sticky_effects_offset&quot;:0,&quot;sticky_anchor_link_offset&quot;:0}\">\n\t\t\t\t\t<div class=\"e-con-inner\">\n\t\t\t\t<div class=\"elementor-element elementor-element-0f4e1dc elementor-widget elementor-widget-image-box\" data-id=\"0f4e1dc\" data-element_type=\"widget\" data-widget_type=\"image-box.default\">\n\t\t\t\t<div class=\"elementor-widget-container\">\n\t\t\t\t\t<div class=\"elementor-image-box-wrapper\"><div class=\"elementor-image-box-content\"><h3 class=\"elementor-image-box-title\">IL GUSTO<\/h3><p class=\"elementor-image-box-description\">Tostiamo il caff\u00e8 con macchine ded\u00edcate e senza nessun tipo<br> di monipolazione del prodotto per creare il nostro Caf\u00e9 Gourmet.<\/p><\/div><\/div>\t\t\t\t<\/div>\n\t\t\t\t<\/div>\n\t\t\t\t\t<\/div>\n\t\t\t\t<\/div>\n\t\t<div class=\"elementor-element elementor-element-bbfc67b e-flex e-con-boxed e-con e-parent\" data-id=\"bbfc67b\" data-element_type=\"container\" data-settings=\"{&quot;background_background&quot;:&quot;classic&quot;,&quot;background_motion_fx_motion_fx_scrolling&quot;:&quot;yes&quot;,&quot;background_motion_fx_translateX_effect&quot;:&quot;yes&quot;,&quot;background_motion_fx_translateX_direction&quot;:&quot;negative&quot;,&quot;background_motion_fx_translateX_speed&quot;:{&quot;unit&quot;:&quot;px&quot;,&quot;size&quot;:1,&quot;sizes&quot;:[]},&quot;sticky&quot;:&quot;top&quot;,&quot;jet_parallax_layout_list&quot;:[],&quot;background_motion_fx_translateX_affectedRange&quot;:{&quot;unit&quot;:&quot;%&quot;,&quot;size&quot;:&quot;&quot;,&quot;sizes&quot;:{&quot;start&quot;:0,&quot;end&quot;:100}},&quot;background_motion_fx_devices&quot;:[&quot;desktop&quot;,&quot;tablet&quot;,&quot;mobile&quot;],&quot;sticky_on&quot;:[&quot;desktop&quot;,&quot;tablet&quot;,&quot;mobile&quot;],&quot;sticky_offset&quot;:0,&quot;sticky_effects_offset&quot;:0,&quot;sticky_anchor_link_offset&quot;:0}\">\n\t\t\t\t\t<div class=\"e-con-inner\">\n\t\t\t\t<div class=\"elementor-element elementor-element-c7f4127 elementor-widget elementor-widget-image-box\" data-id=\"c7f4127\" data-element_type=\"widget\" data-widget_type=\"image-box.default\">\n\t\t\t\t<div class=\"elementor-widget-container\">\n\t\t\t\t\t<div class=\"elementor-image-box-wrapper\"><div class=\"elementor-image-box-content\"><h3 class=\"elementor-image-box-title\">LA SALUTE<\/h3><p class=\"elementor-image-box-description\">Non utilizziamo ingredienti derivati da organismo gen\u00e9ticamente modificati (OGM). <br>Tutti i nostri prodotti sono conformi agli standard di qualit\u00e0 della Comunit\u00e0 Europea.<\/p><\/div><\/div>\t\t\t\t<\/div>\n\t\t\t\t<\/div>\n\t\t\t\t\t<\/div>\n\t\t\t\t<\/div>\n\t\t\t\t<\/div>\n\t\t","protected":false},"excerpt":{"rendered":"<p>Una storia per sognare svegli Quando il caff\u00e8 cominci\u00f2 a profumare le strade di Venezia, nessuno immaginava che questo delizioso aroma e sapore diventerebbe un riferente in tutta Italia. Ed \u00e8 che, anche se il grano di caff\u00e8 non cresce nella nostra terra, noi cerchiamo di farlo splorare nel rituale sensoriale che adesso \u00e8 parte&hellip;&nbsp;<a href=\"https:\/\/www.maxespressocoffee.com\/it\/informazioni-su-maxespresso\/\" rel=\"bookmark\">Read More &raquo;<span class=\"screen-reader-text\">Maxespresso<\/span><\/a><\/p>\n","protected":false},"author":1,"featured_media":0,"parent":0,"menu_order":3,"comment_status":"closed","ping_status":"closed","template":"page-templates\/template-pagebuilder-full-width.php","meta":{"neve_meta_sidebar":"","neve_meta_container":"","neve_meta_enable_content_width":"","neve_meta_content_width":0,"neve_meta_title_alignment":"","neve_meta_author_avatar":"","neve_post_elements_order":"","neve_meta_disable_header":"","neve_meta_disable_footer":"","neve_meta_disable_title":"","neve_meta_reading_time":"","footnotes":""},"class_list":["post-2846","page","type-page","status-publish","hentry"],"_links":{"self":[{"href":"https:\/\/www.maxespressocoffee.com\/it\/wp-json\/wp\/v2\/pages\/2846","targetHints":{"allow":["GET"]}}],"collection":[{"href":"https:\/\/www.maxespressocoffee.com\/it\/wp-json\/wp\/v2\/pages"}],"about":[{"href":"https:\/\/www.maxespressocoffee.com\/it\/wp-json\/wp\/v2\/types\/page"}],"author":[{"embeddable":true,"href":"https:\/\/www.maxespressocoffee.com\/it\/wp-json\/wp\/v2\/users\/1"}],"replies":[{"embeddable":true,"href":"https:\/\/www.maxespressocoffee.com\/it\/wp-json\/wp\/v2\/comments?post=2846"}],"version-history":[{"count":0,"href":"https:\/\/www.maxespressocoffee.com\/it\/wp-json\/wp\/v2\/pages\/2846\/revisions"}],"wp:attachment":[{"href":"https:\/\/www.maxespressocoffee.com\/it\/wp-json\/wp\/v2\/media?parent=2846"}],"curies":[{"name":"wp","href":"https:\/\/api.w.org\/{rel}","templated":true}]}}